{"id":183,"date":"2024-01-04T14:40:03","date_gmt":"2024-01-04T14:40:03","guid":{"rendered":"https:\/\/www.valenciablue.com\/?page_id=183"},"modified":"2026-03-16T11:27:42","modified_gmt":"2026-03-16T11:27:42","slug":"news-feeds","status":"publish","type":"page","link":"https:\/\/www.valenciablue.com\/es\/news-feeds\/","title":{"rendered":"Canales de noticias en ingl\u00e9s de Espa\u00f1a"},"content":{"rendered":"<h2 class=\"wp-block-heading\">Todo el contenido es propiedad de sus respectivos editores. Algunas historias est\u00e1n detr\u00e1s de un muro de pago.<\/h2>\n\n\n\n<div class=\"wp-block-group is-layout-constrained wp-block-group-is-layout-constrained\">\n<h3 class=\"wp-block-heading\"><a href=\"https:\/\/www.barcelona-metropolitan.com\" data-type=\"link\" data-id=\"https:\/\/www.barcelona-metropolitan.com\" target=\"_blank\" rel=\"noreferrer noopener\">Metropolitano de Barcelona<\/a><\/h3>\n\n\n<ul class=\"wp-block-rss\"><li class='wp-block-rss__item'><div class='wp-block-rss__item-title'><a href='https:\/\/www.barcelona-metropolitan.com\/features\/history\/what-is-spain-dia-del-trabajador\/' target=\"_blank\">Why Is May 1st a Holiday in Spain?<\/a><\/div><\/li><li class='wp-block-rss__item'><div class='wp-block-rss__item-title'><a href='https:\/\/www.barcelona-metropolitan.com\/features\/culture\/up-next-week-metropolitan-culture-corner-with-bea-castello\/' target=\"_blank\">Up Next Week: Metropolitan Culture Corner with Bea Castell\u00f3<\/a><\/div><\/li><li class='wp-block-rss__item'><div class='wp-block-rss__item-title'><a href='https:\/\/www.barcelona-metropolitan.com\/eating-and-drinking\/recipe-faves-a-la-catalana\/' target=\"_blank\">Recipe: Faves a la Catalana<\/a><\/div><\/li><li class='wp-block-rss__item'><div class='wp-block-rss__item-title'><a href='https:\/\/www.barcelona-metropolitan.com\/living\/what-is-the-digital-euro\/' target=\"_blank\">What Is the Digital Euro? A Guide to the Future of Cash in Europe<\/a><\/div><\/li><li class='wp-block-rss__item'><div class='wp-block-rss__item-title'><a href='https:\/\/www.barcelona-metropolitan.com\/living\/settling-in\/your-health-well-insured-in-spain\/' target=\"_blank\">Your Health Well Insured in Spain<\/a><\/div><\/li><\/ul><\/div>\n\n\n\n<div class=\"wp-block-group is-layout-constrained wp-block-group-is-layout-constrained\">\n<h3 class=\"wp-block-heading\" style=\"margin-top:var(--wp--preset--spacing--50);margin-right:0;margin-bottom:var(--wp--preset--spacing--50);margin-left:0\"><a href=\"https:\/\/www.elnacional.cat\" target=\"_blank\" rel=\"noreferrer noopener\">El Nacional<\/a> (en Ingl\u00e9s)<\/h3>\n\n\n<ul class=\"wp-block-rss\"><li class='wp-block-rss__item'><div class='wp-block-rss__item-title'><a href='https:\/\/www.elnacional.cat\/en\/politics\/spanish-electoral-commission-toni-comin-mep-credentials_1245276_102.html' target=\"_blank\">La Junta Electoral deja a Toni Com\u00edn sin credenciales de eurodiputado<\/a><\/div><\/li><li class='wp-block-rss__item'><div class='wp-block-rss__item-title'><a href='https:\/\/www.elnacional.cat\/en\/editorial\/posters-maragall-limits-in-politics-jose-antich_1246443_102.html' target=\"_blank\">Los carteles de Maragall y los l\u00edmites en la pol\u00edtica<\/a><\/div><\/li><li class='wp-block-rss__item'><div class='wp-block-rss__item-title'><a href='https:\/\/www.elnacional.cat\/en\/politics\/most-beneficiaries-amnesty-police-beat-catalan-voters_1245990_102.html' target=\"_blank\">La mayor\u00eda de los beneficiarios de la ley de amnist\u00eda son los polic\u00edas espa\u00f1oles que atacaron a los votantes catalanes el 1 de octubre<\/a><\/div><\/li><li class='wp-block-rss__item'><div class='wp-block-rss__item-title'><a href='https:\/\/www.elnacional.cat\/en\/politics\/ernest-maragall-erc-communication-tolo-moya-defamatory-posters-inside-job_1245966_102.html' target=\"_blank\">Ernest Maragall se\u00f1ala al responsable de comunicaci\u00f3n de ERC, Tolo Moya, por los carteles contra el Alzheimer<\/a><\/div><\/li><li class='wp-block-rss__item'><div class='wp-block-rss__item-title'><a href='https:\/\/www.elnacional.cat\/en\/politics\/joaquin-urias-blunt-the-supreme-court-decision-is-the-end-of-the-amnesty_1245909_102.html' target=\"_blank\">Joaqu\u00edn Ur\u00edas, tajante: \u201cLa sentencia del Supremo supone el fin de la amnist\u00eda\u201d<\/a><\/div><\/li><\/ul><\/div>\n\n\n\n<div class=\"wp-block-group is-layout-constrained wp-block-group-is-layout-constrained\">\n<h3 class=\"wp-block-heading\" style=\"padding-top:var(--wp--preset--spacing--50);padding-bottom:var(--wp--preset--spacing--50)\"><a href=\"https:\/\/english.elpais.com\/\" target=\"_blank\" rel=\"noreferrer noopener\">El Pa\u00eds<\/a> (Edici\u00f3n en ingl\u00e9s)<\/h3>\n\n\n<ul class=\"wp-block-rss\"><li class='wp-block-rss__item'><div class='wp-block-rss__item-title'><a href='https:\/\/english.elpais.com\/economy-and-business\/2026-04-30\/uaes-exit-deals-a-death-blow-to-opec.html' target=\"_blank\">UAE\u2019s exit deals a death blow to OPEC<\/a><\/div><\/li><li class='wp-block-rss__item'><div class='wp-block-rss__item-title'><a href='https:\/\/english.elpais.com\/international\/2026-04-30\/us-intervention-ends-a-decade-of-statistical-silence-in-venezuela.html' target=\"_blank\">US intervention ends a decade of statistical silence in Venezuela<\/a><\/div><\/li><li class='wp-block-rss__item'><div class='wp-block-rss__item-title'><a href='https:\/\/english.elpais.com\/international\/2026-04-30\/the-united-states-claims-that-the-sinaloa-cartel-helped-install-ruben-rocha-as-governor.html' target=\"_blank\">The United States claims that the Sinaloa Cartel helped install Rub\u00e9n Rocha as governor<\/a><\/div><\/li><li class='wp-block-rss__item'><div class='wp-block-rss__item-title'><a href='https:\/\/english.elpais.com\/international\/2026-04-30\/us-drug-trafficking-charges-against-sinaloa-governor-trigger-political-storm-in-mexico.html' target=\"_blank\">US drug trafficking charges against Sinaloa governor trigger political storm in Mexico<\/a><\/div><\/li><li class='wp-block-rss__item'><div class='wp-block-rss__item-title'><a href='https:\/\/english.elpais.com\/usa\/2026-04-30\/the-national-science-board-ousted-by-trump-was-finalizing-a-report-on-chinas-growing-scientific-edge-over-the-united-states.html' target=\"_blank\">The National Science Board fired by Trump was finalizing a report on China\u2019s growing scientific edge over the United States<\/a><\/div><\/li><\/ul><\/div>\n\n\n\n<h3 class=\"wp-block-heading\"><a href=\"https:\/\/inspain.news\/category\/by-region\/eastern-spain-costa-blanca-costa-calida\/\" target=\"_blank\" rel=\"noreferrer noopener\">InSpain.news<\/a> (Espa\u00f1a Oriental\u2026)<\/h3>\n\n\n<ul class=\"wp-block-rss\"><li class='wp-block-rss__item'><div class='wp-block-rss__item-title'><a href='https:\/\/inspain.news\/mazon-given-five-days-to-hand-over-dana-messages\/' target=\"_blank\">Maz\u00f3n given five days to hand over DANA messages<\/a><\/div><\/li><li class='wp-block-rss__item'><div class='wp-block-rss__item-title'><a href='https:\/\/inspain.news\/benidorm-scaffolding-collapse-leaves-two-dead\/' target=\"_blank\">Benidorm scaffolding collapse leaves two dead<\/a><\/div><\/li><li class='wp-block-rss__item'><div class='wp-block-rss__item-title'><a href='https:\/\/inspain.news\/benidorm-hotel-ceiling-collapse-injures-seven\/' target=\"_blank\">Benidorm hotel ceiling collapse injures seven<\/a><\/div><\/li><li class='wp-block-rss__item'><div class='wp-block-rss__item-title'><a href='https:\/\/inspain.news\/diesel-fraud-gang-busted-in-southern-spain-after-e196000-scam\/' target=\"_blank\">Diesel fraud gang busted in southern Spain after \u20ac196,000 scam<\/a><\/div><\/li><li class='wp-block-rss__item'><div class='wp-block-rss__item-title'><a href='https:\/\/inspain.news\/mazon-moves-to-join-dana-court-case-after-witness-summons\/' target=\"_blank\">Maz\u00f3n moves to join DANA court case after witness summons<\/a><\/div><\/li><\/ul>\n\n\n<div class=\"wp-block-group is-layout-constrained wp-block-group-is-layout-constrained\">\n<h3 class=\"wp-block-heading\" style=\"padding-top:var(--wp--preset--spacing--50);padding-bottom:var(--wp--preset--spacing--50)\"><a href=\"https:\/\/www.surinenglish.com\/spain\/\" target=\"_blank\" rel=\"noopener\" title=\"\">sur en ingles<\/a> (DiaroSur.es)<\/h3>\n\n\n<ul class=\"wp-block-rss\"><li class='wp-block-rss__item'><div class='wp-block-rss__item-title'><a href='https:\/\/www.surinenglish.com\/spain\/dolores-vazquez-there-are-two-things-that-20260428110005-nt.html'>Dolores V\u00e1zquez: &quot;There are two things that sometimes keep me awake at night: the prison cell, which still haunts me, and the trial, where I felt like a circus act&quot;<\/a><\/div><\/li><li class='wp-block-rss__item'><div class='wp-block-rss__item-title'><a href='https:\/\/www.surinenglish.com\/spain\/british-tourist-dies-tenerife-holiday-apartment-stairwell-20260429101814-nt.html'>UPDATE: British tourist dies in Tenerife holiday apartment stairwell fall<\/a><\/div><\/li><li class='wp-block-rss__item'><div class='wp-block-rss__item-title'><a href='https:\/\/www.surinenglish.com\/spain\/maldives-shark-attack-spanish-honeymooner-breaks-silence-20260429132148-nt.html'>Maldives shark attack: Spanish honeymooner breaks silence after losing leg in &#039;savage&#039; tiger shark ordeal<\/a><\/div><\/li><li class='wp-block-rss__item'><div class='wp-block-rss__item-title'><a href='https:\/\/www.surinenglish.com\/spain\/spanish-inflation-moderates-per-cent-april-thanks-20260429122613-nt.html'>Spanish inflation moderates to 3.2 per cent in April thanks to lower electricity bills<\/a><\/div><\/li><li class='wp-block-rss__item'><div class='wp-block-rss__item-title'><a href='https:\/\/www.surinenglish.com\/spain\/from-vigo-belgium-become-european-runnerup-seagull-20260428142903-nt.html'>From Galicia to Belgium, becoming runner-up at the 6th European seagull screeching competition<\/a><\/div><\/li><\/ul>\n\n\n<h3 class=\"wp-block-heading\" style=\"padding-top:var(--wp--preset--spacing--50);padding-bottom:var(--wp--preset--spacing--50)\"><a href=\"https:\/\/www.theguardian.com\/world\/spain\" target=\"_blank\" rel=\"noreferrer noopener\">El guardi\u00e1n<\/a> (Espa\u00f1a)<\/h3>\n\n\n<ul class=\"wp-block-rss\"><li class='wp-block-rss__item'><div class='wp-block-rss__item-title'><a href='https:\/\/www.theguardian.com\/artanddesign\/2026\/apr\/30\/return-aparicio-painting-prado-year-famine-madrid-spain-exhibition' target=\"_blank\">Return of Aparicio painting to Prado exemplifies trajectory of human taste<\/a><\/div><\/li><li class='wp-block-rss__item'><div class='wp-block-rss__item-title'><a href='https:\/\/www.theguardian.com\/world\/2026\/apr\/29\/veteran-goalkeeper-70-to-return-to-pitch-for-official-game-in-spain' target=\"_blank\">Veteran goalkeeper, 70, to return to pitch for official game in Spain<\/a><\/div><\/li><li class='wp-block-rss__item'><div class='wp-block-rss__item-title'><a href='https:\/\/www.theguardian.com\/environment\/2026\/apr\/29\/nordic-extreme-heat-environment-europe-report' target=\"_blank\">Nordic heatwave part of record year that saw temperatures scorch most of Europe, report finds<\/a><\/div><\/li><li class='wp-block-rss__item'><div class='wp-block-rss__item-title'><a href='https:\/\/www.theguardian.com\/world\/2026\/apr\/28\/blackout-spain-renewable-energy-grid-solar-wind' target=\"_blank\">One year after Spain\u2019s blackout, its shift to renewables and grid evolution power on<\/a><\/div><\/li><li class='wp-block-rss__item'><div class='wp-block-rss__item-title'><a href='https:\/\/www.theguardian.com\/world\/2026\/apr\/24\/europe-defence-nato-us-donald-trump' target=\"_blank\">EU leaders look to little-known mutual assistance pact amid Trump Nato jibes<\/a><\/div><\/li><\/ul>\n\n\n<div class=\"wp-block-group is-layout-constrained wp-block-group-is-layout-constrained\">\n<h3 class=\"wp-block-heading\" style=\"padding-top:var(--wp--preset--spacing--50);padding-bottom:var(--wp--preset--spacing--50)\"><a href=\"https:\/\/www.thelocal.es\/\" target=\"_blank\" rel=\"noreferrer noopener\">El local<\/a> (Espa\u00f1a)<\/h3>\n\n\n<ul class=\"wp-block-rss\"><li class='wp-block-rss__item'><div class='wp-block-rss__item-title'><a href='https:\/\/www.thelocal.es\/20260430\/spains-economic-growth-defies-impact-of-middle-east-war' target=\"_blank\">Spain&#039;s economic growth defies impact of Middle East war<\/a><\/div><\/li><li class='wp-block-rss__item'><div class='wp-block-rss__item-title'><a href='https:\/\/www.thelocal.es\/20260430\/how-spaniards-perceptions-about-spain-have-changed-over-the-past-decade' target=\"_blank\">How Spaniards&#039; perceptions about Spain have changed over the past decade<\/a><\/div><\/li><li class='wp-block-rss__item'><div class='wp-block-rss__item-title'><a href='https:\/\/www.thelocal.es\/20260430\/could-spain-follow-uk-in-banning-smoking-for-new-generations' target=\"_blank\">Could Spain follow UK in banning smoking for new generations?<\/a><\/div><\/li><li class='wp-block-rss__item'><div class='wp-block-rss__item-title'><a href='https:\/\/www.thelocal.es\/20260430\/listed-the-spanish-tax-deductions-for-people-living-in-madrid' target=\"_blank\">LISTED: The Spanish tax deductions for people living in Madrid<\/a><\/div><\/li><li class='wp-block-rss__item'><div class='wp-block-rss__item-title'><a href='https:\/\/www.thelocal.es\/20260430\/today-in-spain-a-roundup-of-the-latest-news-on-thursday-76' target=\"_blank\">Hoy en Espa\u00f1a: Un resumen de las \u00faltimas noticias del jueves<\/a><\/div><\/li><\/ul><\/div>\n<\/div>\n\n\n\n<div class=\"wp-block-group is-layout-constrained wp-block-group-is-layout-constrained\">\n<h3 class=\"wp-block-heading\" style=\"margin-top:var(--wp--preset--spacing--50);margin-bottom:var(--wp--preset--spacing--50)\"><a href=\"https:\/\/www.theolivepress.es\" target=\"_blank\" rel=\"noreferrer noopener\">La prensa de oliva<\/a><\/h3>\n\n\n<ul class=\"wp-block-rss\"><li class='wp-block-rss__item'><div class='wp-block-rss__item-title'><a href='https:\/\/www.theolivepress.es\/spain-news\/2026\/04\/30\/us-expat-reveals-the-unwritten-rules-for-americans-movign-to-spain\/' target=\"_blank\">WATCH: US expat reveals the unwritten rules for Americans moving to Spain \u2013 from tipping to dress codes<\/a><\/div><\/li><li class='wp-block-rss__item'><div class='wp-block-rss__item-title'><a href='https:\/\/www.theolivepress.es\/spain-news\/2026\/04\/30\/luxury-watch-robbers-arrested-in-costa-blanca-holiday-hotspot-after-benidorm-madrid-and-puerto-banus-thefts\/' target=\"_blank\">Luxury watch robbers arrested in Costa Blanca holiday hotspot after Benidorm, Madrid, and Puerto Banus thefts<\/a><\/div><\/li><li class='wp-block-rss__item'><div class='wp-block-rss__item-title'><a href='https:\/\/www.theolivepress.es\/spain-news\/2026\/04\/30\/the-rising-and-transparent-standards-in-marbellas-luxury-property-market\/' target=\"_blank\">The rising \u2013 and transparent \u2013 standards in Marbella\u2019s luxury property market<\/a><\/div><\/li><li class='wp-block-rss__item'><div class='wp-block-rss__item-title'><a href='https:\/\/www.theolivepress.es\/spain-news\/2026\/04\/30\/spains-impressive-gdp-growth-slows-down-in-first-three-months-of-2026-as-impact-of-iran-war-takes-hold\/' target=\"_blank\">Spain\u2019s impressive GDP growth slows down in first three months of 2026 as impact of Iran war takes hold<\/a><\/div><\/li><li class='wp-block-rss__item'><div class='wp-block-rss__item-title'><a href='https:\/\/www.theolivepress.es\/spain-news\/2026\/04\/30\/4-bedroom-finca-country-house-for-sale-in-avileses-with-pool-e-340000\/' target=\"_blank\">4 bedroom Finca\/Country House for sale in Avileses with pool \u2013 \u20ac 340,000<\/a><\/div><\/li><\/ul><\/div>\n\n\n\n<div class=\"wp-block-group is-layout-constrained wp-block-group-is-layout-constrained\">\n<h3 class=\"wp-block-heading\" style=\"padding-top:var(--wp--preset--spacing--50);padding-bottom:var(--wp--preset--spacing--50)\"><a href=\"https:\/\/valencialife.es\" data-type=\"link\" data-id=\"https:\/\/valencialife.es\" target=\"_blank\" rel=\"noreferrer noopener\">vida valenciana<\/a><\/h3>\n\n\n<ul class=\"wp-block-rss\"><li class='wp-block-rss__item'><div class='wp-block-rss__item-title'><a href='https:\/\/valencialife.es\/work-remotely-from-valencia\/' target=\"_blank\">Escrib\u00ed un libro para ayudar a m\u00e1s personas a teletrabajar desde Valencia<\/a><\/div><\/li><li class='wp-block-rss__item'><div class='wp-block-rss__item-title'><a href='https:\/\/valencialife.es\/valencia-prepares-for-a-once-in-a-lifetime-sunset-eclipse\/' target=\"_blank\">Valencia se prepara para un eclipse de atardecer \u00fanico en la vida<\/a><\/div><\/li><li class='wp-block-rss__item'><div class='wp-block-rss__item-title'><a href='https:\/\/valencialife.es\/full-house-for-valencia-poker-club\/' target=\"_blank\">Full House para el Valencia Poker Club<\/a><\/div><\/li><li class='wp-block-rss__item'><div class='wp-block-rss__item-title'><a href='https:\/\/valencialife.es\/russian-hackers-target-turia-gardens-sprinklers-in-valencia\/' target=\"_blank\">Hackers rusos atacan los aspersores del Jard\u00edn del Turia en Valencia<\/a><\/div><\/li><li class='wp-block-rss__item'><div class='wp-block-rss__item-title'><a href='https:\/\/valencialife.es\/the-holy-grail-of-valencia-a-cup-between-heaven-and-earth\/' target=\"_blank\">El Santo Grial de Valencia: Una Copa Entre el Cielo y la Tierra<\/a><\/div><\/li><\/ul><\/div>\n\n\n\n<div class=\"wp-block-group is-layout-constrained wp-block-group-is-layout-constrained\">\n<h3 class=\"wp-block-heading\" style=\"padding-top:var(--wp--preset--spacing--50);padding-bottom:var(--wp--preset--spacing--50)\"><a href=\"https:\/\/valencian.es\" target=\"_blank\" rel=\"noreferrer noopener\">valenciano<\/a> (noticia en ingl\u00e9s)<\/h3>\n\n\n<ul class=\"wp-block-rss\"><li class='wp-block-rss__item'><div class='wp-block-rss__item-title'><a href='https:\/\/valencian.es\/mercado-central-valencia\/' target=\"_blank\">Mercado Central Valencia: A Journey Through Europe\u2019s Largest Food Temple<\/a><\/div><\/li><li class='wp-block-rss__item'><div class='wp-block-rss__item-title'><a href='https:\/\/valencian.es\/city-life-spain\/' target=\"_blank\">Vida costera o urbana en Espa\u00f1a: \u00bfcu\u00e1l es la m\u00e1s conveniente para su bolsillo?<\/a><\/div><\/li><li class='wp-block-rss__item'><div class='wp-block-rss__item-title'><a href='https:\/\/valencian.es\/grid-automation\/' target=\"_blank\">Elecci\u00f3n de productos de automatizaci\u00f3n de red para redes de servicios p\u00fablicos modernas<\/a><\/div><\/li><li class='wp-block-rss__item'><div class='wp-block-rss__item-title'><a href='https:\/\/valencian.es\/coastal\/' target=\"_blank\">Retiros costeros espa\u00f1oles para explorar en su pr\u00f3xima escapada<\/a><\/div><\/li><li class='wp-block-rss__item'><div class='wp-block-rss__item-title'><a href='https:\/\/valencian.es\/remote-workers\/' target=\"_blank\">C\u00f3mo la joya oculta de Espa\u00f1a atrae a teletrabajadores con incentivos de 15.000 \u20ac<\/a><\/div><\/li><\/ul><\/div>\n\n\n\n<p><\/p>","protected":false},"excerpt":{"rendered":"<p>Noticias en ingl\u00e9s desde Espa\u00f1a. Todo el contenido es propiedad de sus respectivos editores.<\/p>","protected":false},"author":2,"featured_media":190,"parent":0,"menu_order":0,"comment_status":"closed","ping_status":"closed","template":"","meta":{"advanced_seo_description":"","jetpack_seo_html_title":"","jetpack_seo_noindex":false,"jetpack_post_was_ever_published":false,"footnotes":""},"class_list":["post-183","page","type-page","status-publish","has-post-thumbnail","hentry"],"jetpack-related-posts":[{"id":17,"url":"https:\/\/www.valenciablue.com\/es\/privacy-policy\/","url_meta":{"origin":183,"position":0},"title":"Pol\u00edtica de privacidad","author":"Admin","date":"15\/12\/2023","format":false,"excerpt":"Qui\u00e9nes somos. Nuestra direcci\u00f3n web es: https:\/\/valenciablue.com. Comentarios. Cuando los visitantes dejan comentarios en el sitio, recopilamos los datos que se muestran en el formulario de comentarios, as\u00ed como la direcci\u00f3n IP del visitante y la cadena del agente de usuario del navegador para ayudar a detectar el spam. Se crea una cadena anonimizada a partir de su direcci\u00f3n de correo electr\u00f3nico (tambi\u00e9n llamada\u2026","rel":"","context":"Entrada similar","block_context":{"text":"Entrada similar","link":""},"img":{"alt_text":"","src":"","width":0,"height":0},"classes":[]}],"jetpack_shortlink":"https:\/\/wp.me\/PftBvt-2X","jetpack_sharing_enabled":true,"jetpack_likes_enabled":true,"_links":{"self":[{"href":"https:\/\/www.valenciablue.com\/es\/wp-json\/wp\/v2\/pages\/183","targetHints":{"allow":["GET"]}}],"collection":[{"href":"https:\/\/www.valenciablue.com\/es\/wp-json\/wp\/v2\/pages"}],"about":[{"href":"https:\/\/www.valenciablue.com\/es\/wp-json\/wp\/v2\/types\/page"}],"author":[{"embeddable":true,"href":"https:\/\/www.valenciablue.com\/es\/wp-json\/wp\/v2\/users\/2"}],"replies":[{"embeddable":true,"href":"https:\/\/www.valenciablue.com\/es\/wp-json\/wp\/v2\/comments?post=183"}],"version-history":[{"count":16,"href":"https:\/\/www.valenciablue.com\/es\/wp-json\/wp\/v2\/pages\/183\/revisions"}],"predecessor-version":[{"id":1408,"href":"https:\/\/www.valenciablue.com\/es\/wp-json\/wp\/v2\/pages\/183\/revisions\/1408"}],"wp:featuredmedia":[{"embeddable":true,"href":"https:\/\/www.valenciablue.com\/es\/wp-json\/wp\/v2\/media\/190"}],"wp:attachment":[{"href":"https:\/\/www.valenciablue.com\/es\/wp-json\/wp\/v2\/media?parent=183"}],"curies":[{"name":"gracias","href":"https:\/\/api.w.org\/{rel}","templated":true}]}}