{"id":1050,"date":"2025-05-09T15:32:27","date_gmt":"2025-05-09T15:32:27","guid":{"rendered":"https:\/\/www.valenciablue.com\/?page_id=1050"},"modified":"2026-02-13T13:12:28","modified_gmt":"2026-02-13T13:12:28","slug":"weather","status":"publish","type":"page","link":"https:\/\/www.valenciablue.com\/es\/weather\/","title":{"rendered":"Clima"},"content":{"rendered":"<h2 class=\"wp-block-heading\">Proporcionado a trav\u00e9s de \u00a9 <a href=\"https:\/\/www.aemet.es\/\" target=\"_blank\" rel=\"noreferrer noopener\">AEMET<\/a><\/h2>\n\n\n\n<iframe name=\"iframe_aemet_id33044\" width=\"100%\" height=\"200px\" tabindex=\"0\" id=\"iframe_aemet_id33044\" src=\"https:\/\/www.aemet.es\/es\/eltiempo\/prediccion\/municipios\/mostrarwidget\/valencia-id46250?w=g4p011100001ohmffffffx4f86d9t95b6e9r1s8n2\" frameborder=\"0\" scrolling=\"yes\"><\/iframe>\n\n\n\n<h2 class=\"wp-block-heading\">Alertas meteorol\u00f3gicas:<\/h2>\n\n\n<ul class=\"has-dates has-excerpts wp-block-rss\"><li class='wp-block-rss__item'><div class='wp-block-rss__item-title'><a href='https:\/\/www.aemet.es\/documentos_d\/eltiempo\/prediccion\/avisos\/cap\/Z_CAP_C_LEMM_20260430091944_AFAZ774603TOTO0107.xml' target=\"_blank\">Aviso. Nivel amarillo. Tormentas. Interior sur de Valencia<\/a><\/div><time datetime=\"2026-04-30T09:19:44+00:00\" class=\"wp-block-rss__item-publish-date\">30\/04\/2026<\/time> <div class=\"wp-block-rss__item-excerpt\">Aviso de tormentas de nivel amarillo de 02:00 01-05-2026 CEST (UTC+2) a 08:59 01-05-2026 CEST (UTC+2).<\/div><\/li><li class='wp-block-rss__item'><div class='wp-block-rss__item-title'><a href='https:\/\/www.aemet.es\/documentos_d\/eltiempo\/prediccion\/avisos\/cap\/Z_CAP_C_LEMM_20260430091944_AFAZ774601TOTO0107.xml' target=\"_blank\">Aviso. Nivel amarillo. Tormentas. Interior norte de Valencia<\/a><\/div><time datetime=\"2026-04-30T09:19:44+00:00\" class=\"wp-block-rss__item-publish-date\">30\/04\/2026<\/time> <div class=\"wp-block-rss__item-excerpt\">Aviso de tormentas de nivel amarillo de 02:00 01-05-2026 CEST (UTC+2) a 08:59 01-05-2026 CEST (UTC+2).<\/div><\/li><li class='wp-block-rss__item'><div class='wp-block-rss__item-title'><a href='https:\/\/www.aemet.es\/documentos_d\/eltiempo\/prediccion\/avisos\/cap\/Z_CAP_C_LEMM_20260430091944_AFAZ774601PRP10107.xml' target=\"_blank\">Aviso. Nivel amarillo. Lluvias. Interior norte de Valencia<\/a><\/div><time datetime=\"2026-04-30T09:19:44+00:00\" class=\"wp-block-rss__item-publish-date\">30\/04\/2026<\/time> <div class=\"wp-block-rss__item-excerpt\">Aviso de precipitaci\u00f3n acumulada en una hora de nivel amarillo de 02:00 01-05-2026 CEST (UTC+2) a 08:59 01-05-2026 CEST (UTC+2).<\/div><\/li><li class='wp-block-rss__item'><div class='wp-block-rss__item-title'><a href='https:\/\/www.aemet.es\/documentos_d\/eltiempo\/prediccion\/avisos\/cap\/Z_CAP_C_LEMM_20260430091944_AFAZ774603PRP10107.xml' target=\"_blank\">Aviso. Nivel amarillo. Lluvias. Interior sur de Valencia<\/a><\/div><time datetime=\"2026-04-30T09:19:44+00:00\" class=\"wp-block-rss__item-publish-date\">30\/04\/2026<\/time> <div class=\"wp-block-rss__item-excerpt\">Aviso de precipitaci\u00f3n acumulada en una hora de nivel amarillo de 02:00 01-05-2026 CEST (UTC+2) a 08:59 01-05-2026 CEST (UTC+2).<\/div><\/li><li class='wp-block-rss__item'><div class='wp-block-rss__item-title'><a href='https:\/\/www.aemet.es\/documentos_d\/eltiempo\/prediccion\/avisos\/cap\/Z_CAP_C_LEMM_20260430091944_AFAC77.tar.gz' target=\"_blank\">Estado completo de avisos para Comunitat Valenciana<\/a><\/div><time datetime=\"2026-04-30T09:19:44+00:00\" class=\"wp-block-rss__item-publish-date\">30\/04\/2026<\/time> <div class=\"wp-block-rss__item-excerpt\">Fichero tar.gz que contiene todos los avisos para Comunitat Valenciana de 11:19 30-04-2026 CEST (UTC+2) a 23:59 02-05-2026 CEST (UTC+2).<\/div><\/li><\/ul>\n\n\n<h3 class=\"wp-block-heading\">Consulte el pron\u00f3stico local y obtenga m\u00e1s informaci\u00f3n en <a href=\"https:\/\/www.aemet.es\/es\/eltiempo\/prediccion\/espana?p=46\" target=\"_blank\" rel=\"noreferrer noopener\">AEMET.es<\/a>.<\/h3>\n\n\n\n<iframe frameborder=\"0\" src=\"https:\/\/www.aemet.es\/en\/eltiempo\/prediccion\/avisos?k=val&amp;p=46&amp;l=#enlaces_asociados\" class=\"\" style=\"width:100%;max-width:100%;height:500px\"><\/iframe>\n\n\n\n<figure class=\"wp-block-image size-full\"><img data-opt-id=131976379  fetchpriority=\"high\" decoding=\"async\" width=\"1733\" height=\"1300\" src=\"https:\/\/mlr04w2evrow.i.optimole.com\/cb:O59K.20376\/w:auto\/h:auto\/q:mauto\/f:best\/id:d91509f97774abe9d4556f2a051a0f50\/https:\/\/www.valenciablue.com\/pexels-photo-695657.jpeg\" alt=\"white and blue cloudy sky\" class=\"wp-image-1056\"\/><figcaption class=\"wp-element-caption\">Fotograf\u00eda de Johann Piber en <a href=\"https:\/\/www.pexels.com\/photo\/white-and-blue-cloudy-sky-695657\/\" rel=\"nofollow\">Pexels.com<\/a><\/figcaption><\/figure>","protected":false},"excerpt":{"rendered":"<p>Proporcionado v\u00eda \u00a9 AEMET Alertas meteorol\u00f3gicas: Consulta la previsi\u00f3n local y obt\u00e9n m\u00e1s informaci\u00f3n en AEMET.es.<\/p>","protected":false},"author":2,"featured_media":0,"parent":0,"menu_order":0,"comment_status":"closed","ping_status":"closed","template":"","meta":{"advanced_seo_description":"","jetpack_seo_html_title":"","jetpack_seo_noindex":false,"jetpack_post_was_ever_published":false,"footnotes":""},"class_list":["post-1050","page","type-page","status-publish","hentry"],"jetpack-related-posts":[{"id":17,"url":"https:\/\/www.valenciablue.com\/es\/privacy-policy\/","url_meta":{"origin":1050,"position":0},"title":"Pol\u00edtica de privacidad","author":"Admin","date":"15\/12\/2023","format":false,"excerpt":"Qui\u00e9nes somos. Nuestra direcci\u00f3n web es: https:\/\/valenciablue.com. Comentarios. Cuando los visitantes dejan comentarios en el sitio, recopilamos los datos que se muestran en el formulario de comentarios, as\u00ed como la direcci\u00f3n IP del visitante y la cadena del agente de usuario del navegador para ayudar a detectar el spam. Se crea una cadena anonimizada a partir de su direcci\u00f3n de correo electr\u00f3nico (tambi\u00e9n llamada\u2026","rel":"","context":"Entrada similar","block_context":{"text":"Entrada similar","link":""},"img":{"alt_text":"","src":"","width":0,"height":0},"classes":[]},{"id":183,"url":"https:\/\/www.valenciablue.com\/es\/news-feeds\/","url_meta":{"origin":1050,"position":1},"title":"Canales de noticias en ingl\u00e9s de Espa\u00f1a","author":"Admin","date":"04\/01\/2024","format":false,"excerpt":"Noticias en ingl\u00e9s desde Espa\u00f1a. Todo el contenido es propiedad de sus respectivos editores.","rel":"","context":"Entrada similar","block_context":{"text":"Entrada similar","link":""},"img":{"alt_text":"","src":"https:\/\/mlr04w2evrow.i.optimole.com\/cb:O59K.20376\/w:auto\/h:auto\/q:mauto\/f:best\/https:\/\/i0.wp.com\/mlr04w2evrow.i.optimole.com\/w%3A1280\/h%3A200\/q%3Amauto\/process%3A190\/id%3Aa62a0356095601a56dadbae7b1bd586c\/https%3A\/\/www.valenciablue.com\/rss-banner-1280x200p.png?resize=350%2C200&ssl=1","width":350,"height":200,"srcset":"https:\/\/mlr04w2evrow.i.optimole.com\/cb:O59K.20376\/w:auto\/h:auto\/q:mauto\/f:best\/https:\/\/i0.wp.com\/mlr04w2evrow.i.optimole.com\/w%3A1280\/h%3A200\/q%3Amauto\/process%3A190\/id%3Aa62a0356095601a56dadbae7b1bd586c\/https%3A\/\/www.valenciablue.com\/rss-banner-1280x200p.png?resize=350%2C200&ssl=1 1x, https:\/\/mlr04w2evrow.i.optimole.com\/cb:O59K.20376\/w:auto\/h:auto\/q:mauto\/f:best\/https:\/\/i0.wp.com\/mlr04w2evrow.i.optimole.com\/w%3A1280\/h%3A200\/q%3Amauto\/process%3A190\/id%3Aa62a0356095601a56dadbae7b1bd586c\/https%3A\/\/www.valenciablue.com\/rss-banner-1280x200p.png?resize=525%2C300&ssl=1 1.5x, https:\/\/mlr04w2evrow.i.optimole.com\/cb:O59K.20376\/w:auto\/h:auto\/q:mauto\/f:best\/https:\/\/i0.wp.com\/mlr04w2evrow.i.optimole.com\/w%3A1280\/h%3A200\/q%3Amauto\/process%3A190\/id%3Aa62a0356095601a56dadbae7b1bd586c\/https%3A\/\/www.valenciablue.com\/rss-banner-1280x200p.png?resize=700%2C400&ssl=1 2x, https:\/\/mlr04w2evrow.i.optimole.com\/cb:O59K.20376\/w:auto\/h:auto\/q:mauto\/f:best\/https:\/\/i0.wp.com\/mlr04w2evrow.i.optimole.com\/w%3A1280\/h%3A200\/q%3Amauto\/process%3A190\/id%3Aa62a0356095601a56dadbae7b1bd586c\/https%3A\/\/www.valenciablue.com\/rss-banner-1280x200p.png?resize=1050%2C600&ssl=1 3x"},"classes":[]},{"id":10,"url":"https:\/\/www.valenciablue.com\/es\/","url_meta":{"origin":1050,"position":2},"title":"Hogar","author":"Admin","date":"09\/10\/2023","format":false,"excerpt":"Vida en la Comunidad y sus alrededores. Con casi 300 d\u00edas de sol al a\u00f1o, los habitantes de la Comunidad Valenciana disfrutan de cielos despejados. \u00bfVal\u00e8ncia o Valencia? Depende de qui\u00e9n lo escriba. Un vistazo a mi alrededor. Llegu\u00e9 a Valencia en 2021 con mi familia. Reci\u00e9n llegados\u2026","rel":"","context":"Entrada similar","block_context":{"text":"Entrada similar","link":""},"img":{"alt_text":"","src":"https:\/\/mlr04w2evrow.i.optimole.com\/cb:O59K.20376\/w:auto\/h:auto\/q:mauto\/f:best\/https:\/\/i0.wp.com\/mlr04w2evrow.i.optimole.com\/w%3A150\/h%3A150\/rt%3Afill\/g%3Ace\/q%3Amauto\/process%3A172\/id%3Ad97bb55f35891341f56606d7c5ec636e\/https%3A\/\/www.valenciablue.com\/upper-left-pic-cyclists.jpg?resize=350%2C200&ssl=1","width":350,"height":200,"srcset":"https:\/\/mlr04w2evrow.i.optimole.com\/cb:O59K.20376\/w:auto\/h:auto\/q:mauto\/f:best\/https:\/\/i0.wp.com\/mlr04w2evrow.i.optimole.com\/w%3A150\/h%3A150\/rt%3Afill\/g%3Ace\/q%3Amauto\/process%3A172\/id%3Ad97bb55f35891341f56606d7c5ec636e\/https%3A\/\/www.valenciablue.com\/upper-left-pic-cyclists.jpg?resize=350%2C200&ssl=1 1x, https:\/\/mlr04w2evrow.i.optimole.com\/cb:O59K.20376\/w:auto\/h:auto\/q:mauto\/f:best\/https:\/\/i0.wp.com\/mlr04w2evrow.i.optimole.com\/w%3A150\/h%3A150\/rt%3Afill\/g%3Ace\/q%3Amauto\/process%3A172\/id%3Ad97bb55f35891341f56606d7c5ec636e\/https%3A\/\/www.valenciablue.com\/upper-left-pic-cyclists.jpg?resize=525%2C300&ssl=1 1.5x, https:\/\/mlr04w2evrow.i.optimole.com\/cb:O59K.20376\/w:auto\/h:auto\/q:mauto\/f:best\/https:\/\/i0.wp.com\/mlr04w2evrow.i.optimole.com\/w%3A150\/h%3A150\/rt%3Afill\/g%3Ace\/q%3Amauto\/process%3A172\/id%3Ad97bb55f35891341f56606d7c5ec636e\/https%3A\/\/www.valenciablue.com\/upper-left-pic-cyclists.jpg?resize=700%2C400&ssl=1 2x"},"classes":[]}],"jetpack_shortlink":"https:\/\/wp.me\/PftBvt-gW","jetpack_sharing_enabled":true,"jetpack_likes_enabled":true,"_links":{"self":[{"href":"https:\/\/www.valenciablue.com\/es\/wp-json\/wp\/v2\/pages\/1050","targetHints":{"allow":["GET"]}}],"collection":[{"href":"https:\/\/www.valenciablue.com\/es\/wp-json\/wp\/v2\/pages"}],"about":[{"href":"https:\/\/www.valenciablue.com\/es\/wp-json\/wp\/v2\/types\/page"}],"author":[{"embeddable":true,"href":"https:\/\/www.valenciablue.com\/es\/wp-json\/wp\/v2\/users\/2"}],"replies":[{"embeddable":true,"href":"https:\/\/www.valenciablue.com\/es\/wp-json\/wp\/v2\/comments?post=1050"}],"version-history":[{"count":10,"href":"https:\/\/www.valenciablue.com\/es\/wp-json\/wp\/v2\/pages\/1050\/revisions"}],"predecessor-version":[{"id":1382,"href":"https:\/\/www.valenciablue.com\/es\/wp-json\/wp\/v2\/pages\/1050\/revisions\/1382"}],"wp:attachment":[{"href":"https:\/\/www.valenciablue.com\/es\/wp-json\/wp\/v2\/media?parent=1050"}],"curies":[{"name":"gracias","href":"https:\/\/api.w.org\/{rel}","templated":true}]}}